{"id":77,"date":"2020-03-18T23:16:22","date_gmt":"2020-03-18T22:16:22","guid":{"rendered":"https:\/\/zsps.poznan.pl\/wp\/?page_id=77"},"modified":"2026-03-03T07:29:10","modified_gmt":"2026-03-03T06:29:10","slug":"rodo","status":"publish","type":"page","link":"https:\/\/zsps.poznan.pl\/index.php\/rodo\/","title":{"rendered":"RODO"},"content":{"rendered":"\t\t<div data-elementor-type=\"wp-page\" data-elementor-id=\"77\" class=\"elementor elementor-77\">\n\t\t\t\t\t\t<section class=\"elementor-section elementor-top-section elementor-element elementor-element-8b8da7e elementor-section-boxed elementor-section-height-default elementor-section-height-default\" data-id=\"8b8da7e\" data-element_type=\"section\" data-e-type=\"section\">\n\t\t\t\t\t\t<div class=\"elementor-container elementor-column-gap-default\">\n\t\t\t\t\t<div class=\"elementor-column elementor-col-50 elementor-top-column elementor-element elementor-element-f5a6da4\" data-id=\"f5a6da4\" data-element_type=\"column\" data-e-type=\"column\">\n\t\t\t<div class=\"elementor-widget-wrap elementor-element-populated\">\n\t\t\t\t\t\t<div class=\"elementor-element elementor-element-77cf49c elementor-widget elementor-widget-html\" data-id=\"77cf49c\" data-element_type=\"widget\" data-e-type=\"widget\" data-widget_type=\"html.default\">\n\t\t\t\t<div class=\"elementor-widget-container\">\n\t\t\t\t\t<\/p>\r\n<p class=\"head center\">Informacja dotycz\u0105ca przetwarzania danych osobowych<\/p>\r\n\r\n<table>\r\n    <tr>\r\n        <td class=\"content\">\r\n            <p>\r\n                Realizuj\u0105c wymogi rozporz\u0105dzenia Parlamentu Europejskiego i&nbsp;Rady (UE) 2016\/679 z&nbsp;dnia 27 kwietnia 2016 r. w&nbsp;sprawie ochrony os\u00f3b fizycznych w&nbsp;zwi\u0105zku z&nbsp;przetwarzaniem danych osobowych i&nbsp;w&nbsp;sprawie swobodnego przep\u0142ywu takich danych oraz uchylenia dyrektywy 95\/46\/WE (og\u00f3lne rozporz\u0105dzenie o&nbsp;ochronie danych \u201eRODO\u201d), Zesp\u00f3\u0142 Szk\u00f3\u0142 Przemys\u0142u Spo\u017cywczego w&nbsp;Poznaniu pragnie przekaza\u0107 Pa\u0144stwu informacje na temat przetwarzania Pa\u0144stwa danych osobowych w&nbsp;plac\u00f3wce, jak r\u00f3wnie\u017c poinformowa\u0107 o&nbsp;przys\u0142uguj\u0105cych Pa\u0144stwu prawach z&nbsp;tym zwi\u0105zanych.\r\n            <\/p>\r\n            <ol>\r\n             \t<li>\r\n \t                <p>\r\n \t                    Administratorem danych osobowych jest:\r\n                    <\/p>\r\n                    <p class=\"center\">\r\n                        Zesp\u00f3\u0142 Szk\u00f3\u0142 Przemys\u0142u Spo\u017cywczego<br>\r\n                        ul. Warzywna 19<br>\r\n                        61-658 Pozna\u0144<br>\r\n                        adres e-mail: sekretariat@zsps.poznan.pl\r\n                    <\/p>\r\n                <\/li>\r\n \t            <li>\r\n             \t    <p>\r\n             \t    Funkcj\u0119 Inspektora Ochrony Danych pe\u0142ni:\r\n                    <\/p>\r\n                    <p class=\"center\">\r\n                        Katarzyna P\u0119dzich-Nowak\r\n            <br>\r\n                        adres e-mail: iod_mjo@um.poznan.pl\r\n                    <\/p>\r\n                    Zast\u0119pca Inspektora Ochrony Danych \r\n                    <p class=\"center\">\r\n                        Anna Kwieci\u0144ska\r\n            <br>\r\n                        adres e-mail: iod_mjo@um.poznan.pl\r\n                    <\/p>\r\n                <\/li>\r\n                <li>\r\n                    <p>\r\n                        Dane b\u0119d\u0105 przetwarzane w&nbsp;celu wype\u0142niania zada\u0144 ustawowych lub statutowych Administratora danych osobowych, na podstawie przepis\u00f3w obowi\u0105zuj\u0105cego prawa, b\u0105d\u017a w&nbsp;innych przypadkach na podstawie udzielonej zgody na przetwarzanie danych osobowych w&nbsp;celu okre\u015blonym przy pozyskiwaniu przez Administratora danych osobowych przedmiotowej zgody.\r\n                    <\/p>\r\n                <\/li>\r\n             \t<li>\r\n             \t    <p>\r\n             \t        Dane osobowe b\u0119d\u0105 przechowywane przez okres niezb\u0119dny do realizacji cel\u00f3w okre\u015blonych w&nbsp;punkcie 3, a po tym czasie przez okres oraz w&nbsp;zakresie wymaganym przez przepisy powszechnie obowi\u0105zuj\u0105cego.\r\n             \t<\/li>\r\n             \t<li>\r\n             \t    <p>\r\n             \t        w&nbsp;zwi\u0105zku z&nbsp;przetwarzaniem danych osobowych w&nbsp;celach, o&nbsp;kt\u00f3rych mowa w&nbsp;punkcie 3 odbiorcami Pa\u0144stwa danych osobowych mog\u0105 by\u0107 organy w\u0142adzy publicznej oraz podmioty wykonuj\u0105ce zadania publiczne lub dzia\u0142aj\u0105ce na zlecenie organ\u00f3w w\u0142adzy publicznej, w&nbsp;zakresie i&nbsp;w&nbsp;celach, kt\u00f3re wynikaj\u0105 z&nbsp;przepis\u00f3w powszechnie obowi\u0105zuj\u0105cego prawa.\r\n                    <\/p>\r\n                <\/li>\r\n             \t<li>\r\n             \t    <p>\r\n             \t        Podanie danych osobowych ma charakter dobrowolny, je\u017celi przetwarzanie danych osobowych odbywa si\u0119 na podstawie zgody osoby, kt\u00f3rej dane dotycz\u0105.\r\n             \t    <\/p>\r\n                <\/li>\r\n             \t<li>\r\n             \t    <p>\r\n             \t        Podanie danych osobowych ma charakter obowi\u0105zkowy, je\u017celi podstaw\u0119 przetwarzania danych osobowych stanowi przepis prawa.\r\n             \t    <\/p>\r\n             \t<\/li>\r\n             \t<li>\r\n             \t    <p>\r\n \t                    Podane dane osobowe nie b\u0119d\u0105 przetwarzane w&nbsp;spos\u00f3b zautomatyzowany i&nbsp;nie b\u0119d\u0105 profilowane.\r\n \t                <\/p>\r\n \t            <\/li>\r\n             \t<li>\r\n             \t    <p>\r\n             \t        Osobie, kt\u00f3rej dane osobowe dotycz\u0105, przys\u0142uguje prawo dost\u0119pu do swoich danych osobowych, ich sprostowania, usuni\u0119cia lub ograniczenia przetwarzania, a tak\u017ce przenoszenia danych w&nbsp;zakresie wynikaj\u0105cym z&nbsp;przepis\u00f3w prawa.\r\n                    <\/p>\r\n                <\/li>\r\n             \t<li>\r\n             \t    <p>\r\n \t                    Osobie, kt\u00f3rej dane osobowe dotycz\u0105, przys\u0142uguje r\u00f3wnie\u017c prawo do wniesienia sprzeciwu wobec dalszego przetwarzania, a w&nbsp;przypadku wyra\u017cenia zgody na przetwarzanie danych do jej wycofania. Skorzystanie z&nbsp;prawa do wniesienia sprzeciwu lub cofni\u0119cia zgody nie ma wp\u0142ywu na przetwarzanie, kt\u00f3re mia\u0142o miejsce do momentu sprzeciwu lub wycofania zgody.\r\n                    <\/p>\r\n                <\/li>\r\n             \t<li>\r\n             \t    <p>\r\n             \t        Przys\u0142uguje Pa\u0144stwu prawo wniesienia skargi do organu nadzorczego \u2013 Prezesa Urz\u0119du Ochrony Danych Osobowych.\r\n                    <\/p>\r\n                <\/li>\r\n            <\/ol>\r\n        <\/td>\r\n    <\/tr>\r\n<\/table>\t\t\t\t<\/div>\n\t\t\t\t<\/div>\n\t\t\t\t\t<\/div>\n\t\t<\/div>\n\t\t\t\t<div class=\"elementor-column elementor-col-50 elementor-top-column elementor-element elementor-element-8da59d0\" data-id=\"8da59d0\" data-element_type=\"column\" data-e-type=\"column\">\n\t\t\t<div class=\"elementor-widget-wrap elementor-element-populated\">\n\t\t\t\t\t\t<div class=\"elementor-element elementor-element-d253cb5 elementor-widget elementor-widget-html\" data-id=\"d253cb5\" data-element_type=\"widget\" data-e-type=\"widget\" data-widget_type=\"html.default\">\n\t\t\t\t<div class=\"elementor-widget-container\">\n\t\t\t\t\t<p class=\"head\">Do pobrania<\/p>\r\n\r\n<a href=\"https:\/\/www.zsps.poznan.pl\/wp-content\/uploads\/static\/docs\/RODO\/klauzula-informacyjna-ogolna.pdf\">Klauzula informacyjna \u2013 og\u00f3lna<\/a>\r\n<br>\r\n<a href=\"https:\/\/www.zsps.poznan.pl\/wp-content\/uploads\/static\/docs\/RODO\/klauzula-informacyjna-uczniowie-pelnoletni.pdf\">Klauzula informacyjna \u2013 uczniowie pe\u0142noletni<\/a>\r\n<br>\r\n<a href=\"https:\/\/www.zsps.poznan.pl\/wp-content\/uploads\/static\/docs\/RODO\/klauzula-informacyjna-wizerunek-ucznia-pelnoletniego.pdf\">Klauzula informacyjna \u2013 wizerunek ucznia pe\u0142noletniego<\/a>\r\n<br>\r\n<a href=\"\/wp-content\/uploads\/static\/docs\/RODO\/Klauzula-informacyjna-\u2013-kontrahenci.pdf\">Klauzula informacyjna \u2013 kontrahenci<\/a>\r\n<br>\r\n<a href=\"\/wp-content\/uploads\/static\/docs\/RODO\/Klauzula-informacyjna-\u2013-wizerunek-strony-WWW.pdf\">Klauzula informacyjna \u2013 wizerunek strony WWW<\/a>\r\n<br>\r\n<a href=\"https:\/\/www.zsps.poznan.pl\/wp-content\/uploads\/static\/docs\/RODO\/klauzula-informacyjna-monitoring-wizyjny.pdf\">Klauzula informacyjna \u2013 monitoring wizyjny<\/a>\t\t\t\t<\/div>\n\t\t\t\t<\/div>\n\t\t\t\t\t<\/div>\n\t\t<\/div>\n\t\t\t\t\t<\/div>\n\t\t<\/section>\n\t\t\t\t<\/div>\n\t\t","protected":false},"excerpt":{"rendered":"<p>Informacja dotycz\u0105ca przetwarzania danych osobowych Realizuj\u0105c wymogi rozporz\u0105dzenia Parlamentu Europejskiego i&nbsp;Rady (UE) 2016\/679 z&nbsp;dnia 27 kwietnia 2016 r. w&nbsp;sprawie ochrony os\u00f3b fizycznych w&nbsp;zwi\u0105zku z&nbsp;przetwarzaniem danych osobowych i&nbsp;w&nbsp;sprawie swobodnego przep\u0142ywu takich danych oraz uchylenia dyrektywy 95\/46\/WE (og\u00f3lne rozporz\u0105dzenie o&nbsp;ochronie danych \u201eRODO\u201d),<\/p>\n","protected":false},"author":5,"featured_media":0,"parent":0,"menu_order":0,"comment_status":"closed","ping_status":"closed","template":"","meta":{"footnotes":""},"class_list":["post-77","page","type-page","status-publish","hentry"],"yoast_head":"<!-- This site is optimized with the Yoast SEO plugin v27.5 - https:\/\/yoast.com\/product\/yoast-seo-wordpress\/ -->\n<title>RODO - ZESP\u00d3\u0141 SZK\u00d3\u0141 PRZEMYS\u0141U SPO\u017bYWCZEGO<\/title>\n<meta name=\"robots\" content=\"index, follow, max-snippet:-1, max-image-preview:large, max-video-preview:-1\" \/>\n<link rel=\"canonical\" href=\"https:\/\/zsps.poznan.pl\/index.php\/rodo\/\" \/>\n<meta property=\"og:locale\" content=\"pl_PL\" \/>\n<meta property=\"og:type\" content=\"article\" \/>\n<meta property=\"og:title\" content=\"RODO - ZESP\u00d3\u0141 SZK\u00d3\u0141 PRZEMYS\u0141U SPO\u017bYWCZEGO\" \/>\n<meta property=\"og:description\" content=\"Informacja dotycz\u0105ca przetwarzania danych osobowych Realizuj\u0105c wymogi rozporz\u0105dzenia Parlamentu Europejskiego i&nbsp;Rady (UE) 2016\/679 z&nbsp;dnia 27 kwietnia 2016 r. w&nbsp;sprawie ochrony os\u00f3b fizycznych w&nbsp;zwi\u0105zku z&nbsp;przetwarzaniem danych osobowych i&nbsp;w&nbsp;sprawie swobodnego przep\u0142ywu takich danych oraz uchylenia dyrektywy 95\/46\/WE (og\u00f3lne rozporz\u0105dzenie o&nbsp;ochronie danych \u201eRODO\u201d),\" \/>\n<meta property=\"og:url\" content=\"https:\/\/zsps.poznan.pl\/index.php\/rodo\/\" \/>\n<meta property=\"og:site_name\" content=\"ZESP\u00d3\u0141 SZK\u00d3\u0141 PRZEMYS\u0141U SPO\u017bYWCZEGO\" \/>\n<meta property=\"article:publisher\" content=\"https:\/\/www.facebook.com\/zsps.poznan\" \/>\n<meta property=\"article:modified_time\" content=\"2026-03-03T06:29:10+00:00\" \/>\n<meta name=\"twitter:card\" content=\"summary_large_image\" \/>\n<meta name=\"twitter:label1\" content=\"Szacowany czas czytania\" \/>\n\t<meta name=\"twitter:data1\" content=\"3 minuty\" \/>\n<script type=\"application\/ld+json\" class=\"yoast-schema-graph\">{\"@context\":\"https:\\\/\\\/schema.org\",\"@graph\":[{\"@type\":\"WebPage\",\"@id\":\"https:\\\/\\\/zsps.poznan.pl\\\/index.php\\\/rodo\\\/\",\"url\":\"https:\\\/\\\/zsps.poznan.pl\\\/index.php\\\/rodo\\\/\",\"name\":\"RODO - ZESP\u00d3\u0141 SZK\u00d3\u0141 PRZEMYS\u0141U SPO\u017bYWCZEGO\",\"isPartOf\":{\"@id\":\"https:\\\/\\\/zsps.poznan.pl\\\/#website\"},\"datePublished\":\"2020-03-18T22:16:22+00:00\",\"dateModified\":\"2026-03-03T06:29:10+00:00\",\"breadcrumb\":{\"@id\":\"https:\\\/\\\/zsps.poznan.pl\\\/index.php\\\/rodo\\\/#breadcrumb\"},\"inLanguage\":\"pl-PL\",\"potentialAction\":[{\"@type\":\"ReadAction\",\"target\":[\"https:\\\/\\\/zsps.poznan.pl\\\/index.php\\\/rodo\\\/\"]}]},{\"@type\":\"BreadcrumbList\",\"@id\":\"https:\\\/\\\/zsps.poznan.pl\\\/index.php\\\/rodo\\\/#breadcrumb\",\"itemListElement\":[{\"@type\":\"ListItem\",\"position\":1,\"name\":\"Strona g\u0142\u00f3wna\",\"item\":\"https:\\\/\\\/zsps.poznan.pl\\\/\"},{\"@type\":\"ListItem\",\"position\":2,\"name\":\"RODO\"}]},{\"@type\":\"WebSite\",\"@id\":\"https:\\\/\\\/zsps.poznan.pl\\\/#website\",\"url\":\"https:\\\/\\\/zsps.poznan.pl\\\/\",\"name\":\"ZESP\u00d3\u0141 SZK\u00d3\u0141 PRZEMYS\u0141U SPO\u017bYWCZEGO\",\"description\":\"im. J. J. \u015aniadeckich w Poznaniu\",\"publisher\":{\"@id\":\"https:\\\/\\\/zsps.poznan.pl\\\/#organization\"},\"potentialAction\":[{\"@type\":\"SearchAction\",\"target\":{\"@type\":\"EntryPoint\",\"urlTemplate\":\"https:\\\/\\\/zsps.poznan.pl\\\/?s={search_term_string}\"},\"query-input\":{\"@type\":\"PropertyValueSpecification\",\"valueRequired\":true,\"valueName\":\"search_term_string\"}}],\"inLanguage\":\"pl-PL\"},{\"@type\":\"Organization\",\"@id\":\"https:\\\/\\\/zsps.poznan.pl\\\/#organization\",\"name\":\"Zesp\u00f3\u0142 Szk\u00f3\u0142 Przemys\u0142u Spo\u017cywczego\",\"url\":\"https:\\\/\\\/zsps.poznan.pl\\\/\",\"logo\":{\"@type\":\"ImageObject\",\"inLanguage\":\"pl-PL\",\"@id\":\"https:\\\/\\\/zsps.poznan.pl\\\/#\\\/schema\\\/logo\\\/image\\\/\",\"url\":\"\",\"contentUrl\":\"\",\"caption\":\"Zesp\u00f3\u0142 Szk\u00f3\u0142 Przemys\u0142u Spo\u017cywczego\"},\"image\":{\"@id\":\"https:\\\/\\\/zsps.poznan.pl\\\/#\\\/schema\\\/logo\\\/image\\\/\"},\"sameAs\":[\"https:\\\/\\\/www.facebook.com\\\/zsps.poznan\"]}]}<\/script>\n<!-- \/ Yoast SEO plugin. -->","yoast_head_json":{"title":"RODO - ZESP\u00d3\u0141 SZK\u00d3\u0141 PRZEMYS\u0141U SPO\u017bYWCZEGO","robots":{"index":"index","follow":"follow","max-snippet":"max-snippet:-1","max-image-preview":"max-image-preview:large","max-video-preview":"max-video-preview:-1"},"canonical":"https:\/\/zsps.poznan.pl\/index.php\/rodo\/","og_locale":"pl_PL","og_type":"article","og_title":"RODO - ZESP\u00d3\u0141 SZK\u00d3\u0141 PRZEMYS\u0141U SPO\u017bYWCZEGO","og_description":"Informacja dotycz\u0105ca przetwarzania danych osobowych Realizuj\u0105c wymogi rozporz\u0105dzenia Parlamentu Europejskiego i&nbsp;Rady (UE) 2016\/679 z&nbsp;dnia 27 kwietnia 2016 r. w&nbsp;sprawie ochrony os\u00f3b fizycznych w&nbsp;zwi\u0105zku z&nbsp;przetwarzaniem danych osobowych i&nbsp;w&nbsp;sprawie swobodnego przep\u0142ywu takich danych oraz uchylenia dyrektywy 95\/46\/WE (og\u00f3lne rozporz\u0105dzenie o&nbsp;ochronie danych \u201eRODO\u201d),","og_url":"https:\/\/zsps.poznan.pl\/index.php\/rodo\/","og_site_name":"ZESP\u00d3\u0141 SZK\u00d3\u0141 PRZEMYS\u0141U SPO\u017bYWCZEGO","article_publisher":"https:\/\/www.facebook.com\/zsps.poznan","article_modified_time":"2026-03-03T06:29:10+00:00","twitter_card":"summary_large_image","twitter_misc":{"Szacowany czas czytania":"3 minuty"},"schema":{"@context":"https:\/\/schema.org","@graph":[{"@type":"WebPage","@id":"https:\/\/zsps.poznan.pl\/index.php\/rodo\/","url":"https:\/\/zsps.poznan.pl\/index.php\/rodo\/","name":"RODO - ZESP\u00d3\u0141 SZK\u00d3\u0141 PRZEMYS\u0141U SPO\u017bYWCZEGO","isPartOf":{"@id":"https:\/\/zsps.poznan.pl\/#website"},"datePublished":"2020-03-18T22:16:22+00:00","dateModified":"2026-03-03T06:29:10+00:00","breadcrumb":{"@id":"https:\/\/zsps.poznan.pl\/index.php\/rodo\/#breadcrumb"},"inLanguage":"pl-PL","potentialAction":[{"@type":"ReadAction","target":["https:\/\/zsps.poznan.pl\/index.php\/rodo\/"]}]},{"@type":"BreadcrumbList","@id":"https:\/\/zsps.poznan.pl\/index.php\/rodo\/#breadcrumb","itemListElement":[{"@type":"ListItem","position":1,"name":"Strona g\u0142\u00f3wna","item":"https:\/\/zsps.poznan.pl\/"},{"@type":"ListItem","position":2,"name":"RODO"}]},{"@type":"WebSite","@id":"https:\/\/zsps.poznan.pl\/#website","url":"https:\/\/zsps.poznan.pl\/","name":"ZESP\u00d3\u0141 SZK\u00d3\u0141 PRZEMYS\u0141U SPO\u017bYWCZEGO","description":"im. J. J. \u015aniadeckich w Poznaniu","publisher":{"@id":"https:\/\/zsps.poznan.pl\/#organization"},"potentialAction":[{"@type":"SearchAction","target":{"@type":"EntryPoint","urlTemplate":"https:\/\/zsps.poznan.pl\/?s={search_term_string}"},"query-input":{"@type":"PropertyValueSpecification","valueRequired":true,"valueName":"search_term_string"}}],"inLanguage":"pl-PL"},{"@type":"Organization","@id":"https:\/\/zsps.poznan.pl\/#organization","name":"Zesp\u00f3\u0142 Szk\u00f3\u0142 Przemys\u0142u Spo\u017cywczego","url":"https:\/\/zsps.poznan.pl\/","logo":{"@type":"ImageObject","inLanguage":"pl-PL","@id":"https:\/\/zsps.poznan.pl\/#\/schema\/logo\/image\/","url":"","contentUrl":"","caption":"Zesp\u00f3\u0142 Szk\u00f3\u0142 Przemys\u0142u Spo\u017cywczego"},"image":{"@id":"https:\/\/zsps.poznan.pl\/#\/schema\/logo\/image\/"},"sameAs":["https:\/\/www.facebook.com\/zsps.poznan"]}]}},"_links":{"self":[{"href":"https:\/\/zsps.poznan.pl\/index.php\/wp-json\/wp\/v2\/pages\/77","targetHints":{"allow":["GET"]}}],"collection":[{"href":"https:\/\/zsps.poznan.pl\/index.php\/wp-json\/wp\/v2\/pages"}],"about":[{"href":"https:\/\/zsps.poznan.pl\/index.php\/wp-json\/wp\/v2\/types\/page"}],"author":[{"embeddable":true,"href":"https:\/\/zsps.poznan.pl\/index.php\/wp-json\/wp\/v2\/users\/5"}],"replies":[{"embeddable":true,"href":"https:\/\/zsps.poznan.pl\/index.php\/wp-json\/wp\/v2\/comments?post=77"}],"version-history":[{"count":51,"href":"https:\/\/zsps.poznan.pl\/index.php\/wp-json\/wp\/v2\/pages\/77\/revisions"}],"predecessor-version":[{"id":17156,"href":"https:\/\/zsps.poznan.pl\/index.php\/wp-json\/wp\/v2\/pages\/77\/revisions\/17156"}],"wp:attachment":[{"href":"https:\/\/zsps.poznan.pl\/index.php\/wp-json\/wp\/v2\/media?parent=77"}],"curies":[{"name":"wp","href":"https:\/\/api.w.org\/{rel}","templated":true}]}}